{"id":563,"date":"2022-06-01T09:27:13","date_gmt":"2022-06-01T09:27:13","guid":{"rendered":"http:\/\/bychris-photography.com\/?page_id=563"},"modified":"2023-03-06T10:15:36","modified_gmt":"2023-03-06T10:15:36","slug":"foire-aux-questions-mariages","status":"publish","type":"page","link":"https:\/\/bychris-photography.com\/?page_id=563","title":{"rendered":"Foire aux questions &#8211; Mariages"},"content":{"rendered":"\n<p class=\"has-text-align-center\" style=\"font-size:11px\">Foire aux questions mariages<\/p>\n\n\n\n<div class=\"wp-block-media-text alignwide is-stacked-on-mobile\"><figure class=\"wp-block-media-text__media\"><img loading=\"lazy\" decoding=\"async\" width=\"683\" height=\"1024\" src=\"https:\/\/bychris-photography.com\/wp-content\/uploads\/2022\/02\/DSC02646-683x1024.jpg\" alt=\"foire aux questions mariages\" class=\"wp-image-348 size-full\" srcset=\"https:\/\/bychris-photography.com\/wp-content\/uploads\/2022\/02\/DSC02646-683x1024.jpg 683w, https:\/\/bychris-photography.com\/wp-content\/uploads\/2022\/02\/DSC02646-scaled-600x900.jpg 600w, https:\/\/bychris-photography.com\/wp-content\/uploads\/2022\/02\/DSC02646-200x300.jpg 200w, https:\/\/bychris-photography.com\/wp-content\/uploads\/2022\/02\/DSC02646-768x1152.jpg 768w, https:\/\/bychris-photography.com\/wp-content\/uploads\/2022\/02\/DSC02646-1024x1536.jpg 1024w, https:\/\/bychris-photography.com\/wp-content\/uploads\/2022\/02\/DSC02646-1365x2048.jpg 1365w, https:\/\/bychris-photography.com\/wp-content\/uploads\/2022\/02\/DSC02646-scaled-1200x1800.jpg 1200w, https:\/\/bychris-photography.com\/wp-content\/uploads\/2022\/02\/DSC02646-scaled.jpg 1707w\" sizes=\"auto, (max-width: 683px) 100vw, 683px\" \/><\/figure><div class=\"wp-block-media-text__content\">\n<p class=\"has-text-align-center\">Vous vous posez des questions concernant les prestations que je propose pour couvrir votre mariage ? <\/p>\n\n\n\n<p class=\"has-text-align-center\">Vous trouverez ci-dessous les r\u00e9ponses aux questions les plus fr\u00e9quemment pos\u00e9es. <\/p>\n\n\n\n<p class=\"has-text-align-center\">\u00c9videmment, si vous n&rsquo;avez pas toutes les r\u00e9ponses \u00e0 vos questions, contactez-moi via le <a href=\"https:\/\/bychris-photography.com\/?page_id=70\">formulaire de contact<\/a> et je r\u00e9pondrai avec plaisir !<\/p>\n<\/div><\/div>\n\n\n\n<h5 class=\"has-text-align-center wp-block-heading\">Foire aux questions Mariages<\/h5>\n\n\n<style>.kt-accordion-id_79106b-94 .kt-accordion-inner-wrap{column-gap:var(--global-kb-gap-md, 2rem);row-gap:10px;}.kt-accordion-id_79106b-94 .kt-accordion-panel-inner{border-top:0px solid transparent;border-right:0px solid transparent;border-bottom:0px solid transparent;border-left:0px solid transparent;background:#ffffff;padding-top:var(--global-kb-spacing-sm, 1.5rem);padding-right:var(--global-kb-spacing-sm, 1.5rem);padding-bottom:var(--global-kb-spacing-sm, 1.5rem);padding-left:var(--global-kb-spacing-sm, 1.5rem);}.kt-accordion-id_79106b-94 > .kt-accordion-inner-wrap > .wp-block-kadence-pane > .kt-accordion-header-wrap > .kt-blocks-accordion-header{border-top-color:#555555;border-top-style:solid;border-right-color:#555555;border-right-style:solid;border-bottom-color:#555555;border-bottom-style:solid;border-left-color:#555555;border-left-style:solid;border-top-left-radius:6px;border-top-right-radius:6px;border-bottom-right-radius:6px;border-bottom-left-radius:6px;background:#f2f2f2;font-size:18px;line-height:24px;color:#555555;padding-top:14px;padding-right:16px;padding-bottom:14px;padding-left:16px;}.kt-accordion-id_79106b-94:not( .kt-accodion-icon-style-basiccircle ):not( .kt-accodion-icon-style-xclosecircle ):not( .kt-accodion-icon-style-arrowcircle )  > .kt-accordion-inner-wrap > .wp-block-kadence-pane > .kt-accordion-header-wrap .kt-blocks-accordion-icon-trigger:after, .kt-accordion-id_79106b-94:not( .kt-accodion-icon-style-basiccircle ):not( .kt-accodion-icon-style-xclosecircle ):not( .kt-accodion-icon-style-arrowcircle )  > .kt-accordion-inner-wrap > .wp-block-kadence-pane > .kt-accordion-header-wrap .kt-blocks-accordion-icon-trigger:before{background:#555555;}.kt-accordion-id_79106b-94:not( .kt-accodion-icon-style-basic ):not( .kt-accodion-icon-style-xclose ):not( .kt-accodion-icon-style-arrow ) .kt-blocks-accordion-icon-trigger{background:#555555;}.kt-accordion-id_79106b-94:not( .kt-accodion-icon-style-basic ):not( .kt-accodion-icon-style-xclose ):not( .kt-accodion-icon-style-arrow ) .kt-blocks-accordion-icon-trigger:after, .kt-accordion-id_79106b-94:not( .kt-accodion-icon-style-basic ):not( .kt-accodion-icon-style-xclose ):not( .kt-accodion-icon-style-arrow ) .kt-blocks-accordion-icon-trigger:before{background:#f2f2f2;}.kt-accordion-id_79106b-94 > .kt-accordion-inner-wrap > .wp-block-kadence-pane > .kt-accordion-header-wrap > .kt-blocks-accordion-header:hover, \n\t\t\t\tbody:not(.hide-focus-outline) .kt-accordion-id_79106b-94 .kt-blocks-accordion-header:focus-visible{color:#444444;background:#eeeeee;border-top-color:#eeeeee;border-top-style:solid;border-right-color:#eeeeee;border-right-style:solid;border-bottom-color:#eeeeee;border-bottom-style:solid;border-left-color:#eeeeee;border-left-style:solid;}.kt-accordion-id_79106b-94:not( .kt-accodion-icon-style-basiccircle ):not( .kt-accodion-icon-style-xclosecircle ):not( .kt-accodion-icon-style-arrowcircle ) .kt-accordion-header-wrap .kt-blocks-accordion-header:hover .kt-blocks-accordion-icon-trigger:after, .kt-accordion-id_79106b-94:not( .kt-accodion-icon-style-basiccircle ):not( .kt-accodion-icon-style-xclosecircle ):not( .kt-accodion-icon-style-arrowcircle ) .kt-accordion-header-wrap .kt-blocks-accordion-header:hover .kt-blocks-accordion-icon-trigger:before, body:not(.hide-focus-outline) .kt-accordion-id_79106b-94:not( .kt-accodion-icon-style-basiccircle ):not( .kt-accodion-icon-style-xclosecircle ):not( .kt-accodion-icon-style-arrowcircle ) .kt-blocks-accordion--visible .kt-blocks-accordion-icon-trigger:after, body:not(.hide-focus-outline) .kt-accordion-id_79106b-94:not( .kt-accodion-icon-style-basiccircle ):not( .kt-accodion-icon-style-xclosecircle ):not( .kt-accodion-icon-style-arrowcircle ) .kt-blocks-accordion-header:focus-visible .kt-blocks-accordion-icon-trigger:before{background:#444444;}.kt-accordion-id_79106b-94:not( .kt-accodion-icon-style-basic ):not( .kt-accodion-icon-style-xclose ):not( .kt-accodion-icon-style-arrow ) .kt-accordion-header-wrap .kt-blocks-accordion-header:hover .kt-blocks-accordion-icon-trigger, body:not(.hide-focus-outline) .kt-accordion-id_79106b-94:not( .kt-accodion-icon-style-basic ):not( .kt-accodion-icon-style-xclose ):not( .kt-accodion-icon-style-arrow ) .kt-accordion-header-wrap .kt-blocks-accordion-header:focus-visible .kt-blocks-accordion-icon-trigger{background:#444444;}.kt-accordion-id_79106b-94:not( .kt-accodion-icon-style-basic ):not( .kt-accodion-icon-style-xclose ):not( .kt-accodion-icon-style-arrow ) .kt-accordion-header-wrap .kt-blocks-accordion-header:hover .kt-blocks-accordion-icon-trigger:after, .kt-accordion-id_79106b-94:not( .kt-accodion-icon-style-basic ):not( .kt-accodion-icon-style-xclose ):not( .kt-accodion-icon-style-arrow ) .kt-accordion-header-wrap .kt-blocks-accordion-header:hover .kt-blocks-accordion-icon-trigger:before, body:not(.hide-focus-outline) .kt-accordion-id_79106b-94:not( .kt-accodion-icon-style-basic ):not( .kt-accodion-icon-style-xclose ):not( .kt-accodion-icon-style-arrow ) .kt-accordion-header-wrap .kt-blocks-accordion-header:focus-visible .kt-blocks-accordion-icon-trigger:after, body:not(.hide-focus-outline) .kt-accordion-id_79106b-94:not( .kt-accodion-icon-style-basic ):not( .kt-accodion-icon-style-xclose ):not( .kt-accodion-icon-style-arrow ) .kt-accordion-header-wrap .kt-blocks-accordion-header:focus-visible .kt-blocks-accordion-icon-trigger:before{background:#eeeeee;}.kt-accordion-id_79106b-94 .kt-accordion-header-wrap .kt-blocks-accordion-header:focus-visible,\n\t\t\t\t.kt-accordion-id_79106b-94 > .kt-accordion-inner-wrap > .wp-block-kadence-pane > .kt-accordion-header-wrap > .kt-blocks-accordion-header.kt-accordion-panel-active{color:#ffffff;background:#f3690e;border-top-color:#f3690e;border-top-style:solid;border-right-color:#f3690e;border-right-style:solid;border-bottom-color:#f3690e;border-bottom-style:solid;border-left-color:#f3690e;border-left-style:solid;}.kt-accordion-id_79106b-94:not( .kt-accodion-icon-style-basiccircle ):not( .kt-accodion-icon-style-xclosecircle ):not( .kt-accodion-icon-style-arrowcircle )  > .kt-accordion-inner-wrap > .wp-block-kadence-pane > .kt-accordion-header-wrap > .kt-blocks-accordion-header.kt-accordion-panel-active .kt-blocks-accordion-icon-trigger:after, .kt-accordion-id_79106b-94:not( .kt-accodion-icon-style-basiccircle ):not( .kt-accodion-icon-style-xclosecircle ):not( .kt-accodion-icon-style-arrowcircle )  > .kt-accordion-inner-wrap > .wp-block-kadence-pane > .kt-accordion-header-wrap > .kt-blocks-accordion-header.kt-accordion-panel-active .kt-blocks-accordion-icon-trigger:before{background:#ffffff;}.kt-accordion-id_79106b-94:not( .kt-accodion-icon-style-basic ):not( .kt-accodion-icon-style-xclose ):not( .kt-accodion-icon-style-arrow ) .kt-blocks-accordion-header.kt-accordion-panel-active .kt-blocks-accordion-icon-trigger{background:#ffffff;}.kt-accordion-id_79106b-94:not( .kt-accodion-icon-style-basic ):not( .kt-accodion-icon-style-xclose ):not( .kt-accodion-icon-style-arrow ) .kt-blocks-accordion-header.kt-accordion-panel-active .kt-blocks-accordion-icon-trigger:after, .kt-accordion-id_79106b-94:not( .kt-accodion-icon-style-basic ):not( .kt-accodion-icon-style-xclose ):not( .kt-accodion-icon-style-arrow ) .kt-blocks-accordion-header.kt-accordion-panel-active .kt-blocks-accordion-icon-trigger:before{background:#f3690e;}@media all and (max-width: 1024px){.kt-accordion-id_79106b-94 .kt-accordion-panel-inner{border-top:0px solid transparent;border-right:0px solid transparent;border-bottom:0px solid transparent;border-left:0px solid transparent;}}@media all and (max-width: 1024px){.kt-accordion-id_79106b-94 > .kt-accordion-inner-wrap > .wp-block-kadence-pane > .kt-accordion-header-wrap > .kt-blocks-accordion-header{border-top-color:#555555;border-top-style:solid;border-right-color:#555555;border-right-style:solid;border-bottom-color:#555555;border-bottom-style:solid;border-left-color:#555555;border-left-style:solid;}}@media all and (max-width: 1024px){.kt-accordion-id_79106b-94 > .kt-accordion-inner-wrap > .wp-block-kadence-pane > .kt-accordion-header-wrap > .kt-blocks-accordion-header:hover, \n\t\t\t\tbody:not(.hide-focus-outline) .kt-accordion-id_79106b-94 .kt-blocks-accordion-header:focus-visible{border-top-color:#eeeeee;border-top-style:solid;border-right-color:#eeeeee;border-right-style:solid;border-bottom-color:#eeeeee;border-bottom-style:solid;border-left-color:#eeeeee;border-left-style:solid;}}@media all and (max-width: 1024px){.kt-accordion-id_79106b-94 .kt-accordion-header-wrap .kt-blocks-accordion-header:focus-visible,\n\t\t\t\t.kt-accordion-id_79106b-94 > .kt-accordion-inner-wrap > .wp-block-kadence-pane > .kt-accordion-header-wrap > .kt-blocks-accordion-header.kt-accordion-panel-active{border-top-color:#f3690e;border-top-style:solid;border-right-color:#f3690e;border-right-style:solid;border-bottom-color:#f3690e;border-bottom-style:solid;border-left-color:#f3690e;border-left-style:solid;}}@media all and (max-width: 767px){.kt-accordion-id_79106b-94 .kt-accordion-inner-wrap{display:block;}.kt-accordion-id_79106b-94 .kt-accordion-inner-wrap .kt-accordion-pane:not(:first-child){margin-top:10px;}.kt-accordion-id_79106b-94 .kt-accordion-panel-inner{border-top:0px solid transparent;border-right:0px solid transparent;border-bottom:0px solid transparent;border-left:0px solid transparent;}.kt-accordion-id_79106b-94 > .kt-accordion-inner-wrap > .wp-block-kadence-pane > .kt-accordion-header-wrap > .kt-blocks-accordion-header{border-top-color:#555555;border-top-style:solid;border-right-color:#555555;border-right-style:solid;border-bottom-color:#555555;border-bottom-style:solid;border-left-color:#555555;border-left-style:solid;}.kt-accordion-id_79106b-94 > .kt-accordion-inner-wrap > .wp-block-kadence-pane > .kt-accordion-header-wrap > .kt-blocks-accordion-header:hover, \n\t\t\t\tbody:not(.hide-focus-outline) .kt-accordion-id_79106b-94 .kt-blocks-accordion-header:focus-visible{border-top-color:#eeeeee;border-top-style:solid;border-right-color:#eeeeee;border-right-style:solid;border-bottom-color:#eeeeee;border-bottom-style:solid;border-left-color:#eeeeee;border-left-style:solid;}.kt-accordion-id_79106b-94 .kt-accordion-header-wrap .kt-blocks-accordion-header:focus-visible,\n\t\t\t\t.kt-accordion-id_79106b-94 > .kt-accordion-inner-wrap > .wp-block-kadence-pane > .kt-accordion-header-wrap > .kt-blocks-accordion-header.kt-accordion-panel-active{border-top-color:#f3690e;border-top-style:solid;border-right-color:#f3690e;border-right-style:solid;border-bottom-color:#f3690e;border-bottom-style:solid;border-left-color:#f3690e;border-left-style:solid;}}<\/style>\n<div class=\"wp-block-kadence-accordion alignnone\"><div class=\"kt-accordion-wrap kt-accordion-id_79106b-94 kt-accordion-has-11-panes kt-active-pane-0 kt-accordion-block kt-pane-header-alignment-left kt-accodion-icon-style-basic kt-accodion-icon-side-right\" style=\"max-width:none\"><div class=\"kt-accordion-inner-wrap\" data-allow-multiple-open=\"false\" data-start-open=\"0\">\n<div class=\"wp-block-kadence-pane kt-accordion-pane kt-accordion-pane-1 kt-pane_0d6069-a6\"><div class=\"kt-accordion-header-wrap\"><button class=\"kt-blocks-accordion-header kt-acccordion-button-label-show\"><span class=\"kt-blocks-accordion-title-wrap\"><span class=\"kt-blocks-accordion-title\">O\u00f9 \u00eates-vous situ\u00e9 ? Vous d\u00e9placez-vous ?<\/span><\/span><span class=\"kt-blocks-accordion-icon-trigger\"><\/span><\/button><\/div><div class=\"kt-accordion-panel kt-accordion-panel-hidden\"><div class=\"kt-accordion-panel-inner\">\n<p class=\"has-text-align-center has-black-color has-white-background-color has-text-color has-background\">Je suis bas\u00e9 \u00e0 M\u00e2con. <\/p>\n\n\n\n<p class=\"has-text-align-center has-black-color has-white-background-color has-text-color has-background\">J&rsquo;interviens principalement dans les alentours de M\u00e2con, mais je me d\u00e9place \u00e9galement en Sa\u00f4ne-et-Loire, dans l&rsquo;Ain, dans le Rh\u00f4ne et \u00e9galement en Is\u00e8re.<\/p>\n<\/div><\/div><\/div>\n\n\n\n<div class=\"wp-block-kadence-pane kt-accordion-pane kt-accordion-pane-2 kt-pane_cda87a-81\"><div class=\"kt-accordion-header-wrap\"><button class=\"kt-blocks-accordion-header kt-acccordion-button-label-show\"><span class=\"kt-blocks-accordion-title-wrap\"><span class=\"kt-blocks-accordion-title\">Parlez-vous d&rsquo;autres langues ?<\/span><\/span><span class=\"kt-blocks-accordion-icon-trigger\"><\/span><\/button><\/div><div class=\"kt-accordion-panel kt-accordion-panel-hidden\"><div class=\"kt-accordion-panel-inner\">\n<p class=\"has-text-align-center has-black-color has-white-background-color has-text-color has-background\">Si je le pouvais, je parlerai toutes les langues du monde. Pour le moment je ne parle que Fran\u00e7ais et Anglais (couramment). <\/p>\n<\/div><\/div><\/div>\n\n\n\n<div class=\"wp-block-kadence-pane kt-accordion-pane kt-accordion-pane-3 kt-pane_8a6125-df\"><div class=\"kt-accordion-header-wrap\"><button class=\"kt-blocks-accordion-header kt-acccordion-button-label-show\"><span class=\"kt-blocks-accordion-title-wrap\"><span class=\"kt-blocks-accordion-title\">Peut-on faire une prestation sur-mesure ?<\/span><\/span><span class=\"kt-blocks-accordion-icon-trigger\"><\/span><\/button><\/div><div class=\"kt-accordion-panel kt-accordion-panel-hidden\"><div class=\"kt-accordion-panel-inner\">\n<p class=\"has-text-align-center has-black-color has-white-background-color has-text-color has-background\">Toutes mes prestations sont r\u00e9alis\u00e9es sur mesure, pour correspondre au mieux \u00e0 vos attentes.<\/p>\n\n\n\n<p class=\"has-text-align-center has-black-color has-white-background-color has-text-color has-background\">Je consid\u00e8re que chaque mariage est unique, de ce fait, j\u2019\u00e9tudie chaque demande de fa\u00e7on personnalis\u00e9e, et je propose une prestation au plus pr\u00e8s possible de vos attentes.<\/p>\n\n\n\n<p class=\"has-text-align-center has-black-color has-white-background-color has-text-color has-background\">Lorsque vous me contactez, je prends le temps de vous poser plusieurs questions, que vous puissiez me raconter comment s\u2019organise votre journ\u00e9e, et vos attentes, vos envies, ce qui vous tient \u00e0 coeur.<br>Nous continuerons d\u2019\u00e9changer de la r\u00e9servation de la prestation, jusqu\u2019au grand jour, pour que tout soit parfait !<\/p>\n<\/div><\/div><\/div>\n\n\n\n<div class=\"wp-block-kadence-pane kt-accordion-pane kt-accordion-pane-4 kt-pane_3b05e8-a8\"><div class=\"kt-accordion-header-wrap\"><button class=\"kt-blocks-accordion-header kt-acccordion-button-label-show\"><span class=\"kt-blocks-accordion-title-wrap\"><span class=\"kt-blocks-accordion-title\">Qu&rsquo;est-ce qui est inclus dans le tarif ?<\/span><\/span><span class=\"kt-blocks-accordion-icon-trigger\"><\/span><\/button><\/div><div class=\"kt-accordion-panel kt-accordion-panel-hidden\"><div class=\"kt-accordion-panel-inner\">\n<ul class=\"wp-block-list\">\n<li>Ma pr\u00e9sence sur place<\/li>\n\n\n\n<li>Mon temps de d\u00e9placement et les frais li\u00e9s<\/li>\n\n\n\n<li>Autant d&rsquo;\u00e9changes que vous le souhaitez pour que ma prestation corresponde le mieux \u00e0 vos attentes<\/li>\n\n\n\n<li>Le tri, la s\u00e9lection, et l&rsquo;optimisation des fichiers<\/li>\n\n\n\n<li>La retouche image par image<\/li>\n\n\n\n<li>La livraison des photographies en format num\u00e9rique via une galerie priv\u00e9e en ligne<\/li>\n\n\n\n<li>Un coffret personnalis\u00e9 en bois (avec vos pr\u00e9noms et la date du mariage) contenant\n<ul class=\"wp-block-list\">\n<li>Une cl\u00e9 USB en bois contenant toutes les photos de la journ\u00e9e<\/li>\n\n\n\n<li>5 photos imprim\u00e9es au format 10x15cm<\/li>\n<\/ul>\n<\/li>\n\n\n\n<li>Une ardoise grav\u00e9e d&rsquo;une des photos de couple, personnalis\u00e9e avec vos pr\u00e9noms ainsi que la date du mariage. Celle-ci est r\u00e9alis\u00e9e par un artisan local <a href=\"https:\/\/www.facebook.com\/SebastienRSCREA\/\" target=\"_blank\" rel=\"noreferrer noopener\"><span style=\"color:#000000\" class=\"tadv-color\"><span style=\"background-color:#ffa751\" class=\"tadv-background-color\">(RS Cr\u00e9a)<\/span><\/span><\/a>.<\/li>\n<\/ul>\n<\/div><\/div><\/div>\n\n\n\n<div class=\"wp-block-kadence-pane kt-accordion-pane kt-accordion-pane-5 kt-pane_4f186c-8c\"><div class=\"kt-accordion-header-wrap\"><button class=\"kt-blocks-accordion-header kt-acccordion-button-label-show\"><span class=\"kt-blocks-accordion-title-wrap\"><span class=\"kt-blocks-accordion-title\">Quels sont les tarifs ?<\/span><\/span><span class=\"kt-blocks-accordion-icon-trigger\"><\/span><\/button><\/div><div class=\"kt-accordion-panel kt-accordion-panel-hidden\"><div class=\"kt-accordion-panel-inner\">\n<p class=\"has-text-align-center has-black-color has-white-background-color has-text-color has-background\">Je n\u2019ai pas de tarifs pr\u00e9d\u00e9finis puisque j\u2019adapte mes prestations \u00e0 chacun des couples qui prend contact avec moi.<\/p>\n\n\n\n<p class=\"has-text-align-center has-black-color has-white-background-color has-text-color has-background\"><strong>Mes tarifs sont \u00e0 partir de 590 \u20ac avec un minimum d&rsquo;environ 300 photos livr\u00e9es en HD sans limite maximum de photos livr\u00e9es.<\/strong><\/p>\n<\/div><\/div><\/div>\n\n\n\n<div class=\"wp-block-kadence-pane kt-accordion-pane kt-accordion-pane-6 kt-pane_ad150a-d5\"><div class=\"kt-accordion-header-wrap\"><button class=\"kt-blocks-accordion-header kt-acccordion-button-label-show\"><span class=\"kt-blocks-accordion-title-wrap\"><span class=\"kt-blocks-accordion-title\">Comment r\u00e9serve-t-on ?<\/span><\/span><span class=\"kt-blocks-accordion-icon-trigger\"><\/span><\/button><\/div><div class=\"kt-accordion-panel kt-accordion-panel-hidden\"><div class=\"kt-accordion-panel-inner\">\n<p class=\"has-text-align-center has-black-color has-text-color\">Pour discuter d\u2019une r\u00e9servation de prestation, c\u2019est tr\u00e8s simple.<br>Il vous suffit de m\u2019envoyer un mail <span style=\"color:#000000\" class=\"tadv-color\"><span style=\"background-color:#f9a926\" class=\"tadv-background-color\">(<a href=\"mailto:bychrisphotography.pro@gmail.com\" target=\"_blank\" rel=\"noreferrer noopener\">bychrisphotography.pro@gmail.com<\/a>)<\/span><\/span>, ou un message via le <a href=\"https:\/\/bychris-photography.com\/?page_id=70\" target=\"_blank\" rel=\"noreferrer noopener\"><span style=\"color:#000000\" class=\"tadv-color\"><span style=\"background-color:#f9a926\" class=\"tadv-background-color\">formulaire de contact<\/span><\/span><\/a> de mon site. Vous pouvez \u00e9galement m\u2019appeler directement.<br>Nous pourrons ainsi \u00e9changer sur vos envies, ce qui me permettra de me faire une premi\u00e8re id\u00e9e.<\/p>\n\n\n\n<p class=\"has-text-align-center has-black-color has-text-color\">Je pourrais ainsi vous fournir un devis, si tout vous convient. Nous verrons pour organiser une rencontre (si cela est possible), pour faire connaissance, et faire les formalit\u00e9s administratives. Si nous ne pouvons pas nous rencontrer directement en face \u00e0 face, alors nous pourrons prendre un deuxi\u00e8me contact par visioconf\u00e9rence.<\/p>\n<\/div><\/div><\/div>\n\n\n\n<div class=\"wp-block-kadence-pane kt-accordion-pane kt-accordion-pane-7 kt-pane_83c681-81\"><div class=\"kt-accordion-header-wrap\"><button class=\"kt-blocks-accordion-header kt-acccordion-button-label-show\"><span class=\"kt-blocks-accordion-title-wrap\"><span class=\"kt-blocks-accordion-title\">Comment se passent les prises de vue pendant la journ\u00e9e ?<\/span><\/span><span class=\"kt-blocks-accordion-icon-trigger\"><\/span><\/button><\/div><div class=\"kt-accordion-panel kt-accordion-panel-hidden\"><div class=\"kt-accordion-panel-inner\">\n<p class=\"has-text-align-center has-black-color has-text-color\">\u00c0 nouveau, je m\u2019adapte \u00e0 chacun des couples qui me contactent.<\/p>\n\n\n\n<p class=\"has-text-align-center has-black-color has-text-color\">Sauf indication de la part des mari\u00e9s, je travaille en faisant en sorte de me faire le plus discret possible. Le but est de devenir presque \u00ab invisible \u00bb par les invit\u00e9s et les mari\u00e9s pour pouvoir capturer des instants sur le vif, de \u00ab vrais moments \u00bb.<\/p>\n\n\n\n<p class=\"has-text-align-center has-black-color has-text-color\">Je cherche \u00e0 cr\u00e9er le reportage photo qui repr\u00e9sentera le mieux cette magnifique journ\u00e9e que vous vous appr\u00eatez \u00e0 vivre.<\/p>\n\n\n\n<p class=\"has-text-align-center has-black-color has-text-color\">\u00c9videmment, nous prenons des moments \u00e9galement pour des photos de groupe plus \u00ab pos\u00e9es \u00bb notamment \u00e0 la sortie de la mairie. Mais il \u00e9galement possible de pr\u00e9voir plus ou moins de photos \u00ab pos\u00e9es \u00bb si vous le souhaitez.<\/p>\n<\/div><\/div><\/div>\n\n\n\n<div class=\"wp-block-kadence-pane kt-accordion-pane kt-accordion-pane-8 kt-pane_5bd613-cb\"><div class=\"kt-accordion-header-wrap\"><button class=\"kt-blocks-accordion-header kt-acccordion-button-label-show\"><span class=\"kt-blocks-accordion-title-wrap\"><span class=\"kt-blocks-accordion-title\">Comment se passe le r\u00e8glement ?<\/span><\/span><span class=\"kt-blocks-accordion-icon-trigger\"><\/span><\/button><\/div><div class=\"kt-accordion-panel kt-accordion-panel-hidden\"><div class=\"kt-accordion-panel-inner\">\n<p class=\"has-text-align-center has-black-color has-text-color\">Pour le r\u00e8glement, c\u2019est assez simple.<\/p>\n\n\n\n<p class=\"has-text-align-center has-black-color has-text-color\">Apr\u00e8s nos diff\u00e9rents \u00e9changes (et si possible une rencontre en face \u00e0 face) pour cr\u00e9er une prestation correspondant le plus possible \u00e0 vos envies, nous devrons passer par l\u2019\u00e9tape formalit\u00e9s administratives.<\/p>\n\n\n\n<p class=\"has-text-align-center has-black-color has-text-color\">Durant cette \u00e9tape nous signerons donc ensemble un contrat de prestation photographique ainsi qu\u2019un devis cr\u00e9er sur-mesure pour vous correspondre.<\/p>\n\n\n\n<p class=\"has-text-align-center has-black-color has-text-color\">\u00c0 la signature du contrat, je vous demande le versement d\u2019un acompte de 30 % du montant, ce qui permet de r\u00e9server d\u00e9finitivement la date.<\/p>\n\n\n\n<p class=\"has-text-align-center has-black-color has-text-color\">Pour le r\u00e8glement du solde, je vous enverrai le lendemain de la prestation la facture finale, qui est \u00e0 r\u00e9gler au maximum dans les 30 jours suivants.<\/p>\n<\/div><\/div><\/div>\n\n\n\n<div class=\"wp-block-kadence-pane kt-accordion-pane kt-accordion-pane-9 kt-pane_1b504b-f6\"><div class=\"kt-accordion-header-wrap\"><button class=\"kt-blocks-accordion-header kt-acccordion-button-label-show\"><span class=\"kt-blocks-accordion-title-wrap\"><span class=\"kt-blocks-accordion-title\">Sur quels supports sont d\u00e9livr\u00e9es les photographies ?<\/span><\/span><span class=\"kt-blocks-accordion-icon-trigger\"><\/span><\/button><\/div><div class=\"kt-accordion-panel kt-accordion-panel-hidden\"><div class=\"kt-accordion-panel-inner\">\n<p class=\"has-text-align-center has-black-color has-text-color\">Comme dit dans le point concernant ce qui est inclus, \u00e0 la fin de la prestation, vous aurez :<\/p>\n\n\n\n<p class=\"has-text-align-center has-black-color has-text-color\"><strong>Une galerie priv\u00e9e&nbsp;<\/strong>contenant toutes les photos tri\u00e9es par phase (pr\u00e9paratifs, c\u00e9r\u00e9monie, s\u00e9ance photo de couple&#8230;). Vous et vos proches pourrez commander des tirages photos et\/ou des agrandissements, directement sur cette galerie.<\/p>\n\n\n\n<p class=\"has-text-align-center has-black-color has-text-color\"><strong>Un coffret mariage en bois&nbsp;<\/strong>personnalis\u00e9e avec vos pr\u00e9noms, et la date du mariage. \u00c0 l\u2019int\u00e9rieur vous trouverez une cl\u00e9 USB en bois contenant l\u2019int\u00e9gralit\u00e9 des photos du mariage, mais aussi 5 photos tir\u00e9es en 10x15cm.<\/p>\n\n\n\n<p class=\"has-text-align-center has-black-color has-text-color\"><strong>Une ardoise grav\u00e9e&nbsp;<\/strong>avec une des plus belles photos de couple personnalis\u00e9e avec les pr\u00e9noms et la date du mariage. Celle-ci est r\u00e9alis\u00e9e par un artisan local (RS Cr\u00e9a\u2019 sur Facebook)<\/p>\n<\/div><\/div><\/div>\n\n\n\n<div class=\"wp-block-kadence-pane kt-accordion-pane kt-accordion-pane-10 kt-pane_e42246-89\"><div class=\"kt-accordion-header-wrap\"><button class=\"kt-blocks-accordion-header kt-acccordion-button-label-show\"><span class=\"kt-blocks-accordion-title-wrap\"><span class=\"kt-blocks-accordion-title\">Pouvons-nous avoir toutes les photos prises ? Sous combien de temps sont-elles livr\u00e9es ?<\/span><\/span><span class=\"kt-blocks-accordion-icon-trigger\"><\/span><\/button><\/div><div class=\"kt-accordion-panel kt-accordion-panel-hidden\"><div class=\"kt-accordion-panel-inner\">\n<p class=\"has-text-align-center has-black-color has-text-color\">Je ne d\u00e9livre pas toutes les photos r\u00e9alis\u00e9es pendant la prestation. Lors de la prise de vue, tout est mis en \u0153uvre pour r\u00e9aliser de belles photos directement.<\/p>\n\n\n\n<p class=\"has-text-align-center has-black-color has-text-color\">Cependant, le post-traitement (retouche) permet d\u2019optimiser les photos, de leur donner plus de vie (am\u00e9lioration des contrastes, de la luminosit\u00e9, &#8230;). Vous me faites \u00e9galement confiance pour ne garder que les photos les plus int\u00e9ressantes de la journ\u00e9e.<\/p>\n\n\n\n<p class=\"has-text-align-center has-black-color has-text-color\">En r\u00e8gle g\u00e9n\u00e9rale, je d\u00e9pose les photos retouch\u00e9es sur la galerie priv\u00e9e dans les 2 ou 3 semaines suivant le mariage. Si la saison est pleine, il est possible que ce<\/p>\n\n\n\n<p class=\"has-text-align-center has-black-color has-text-color\">d\u00e9lai soit l\u00e9g\u00e8rement rallong\u00e9 jusqu\u2019\u00e0 6 \u00e0 8 semaines.<\/p>\n\n\n\n<p class=\"has-text-align-center has-black-color has-text-color\">Dans tous les cas, je fais tout mon possible pour vous livrer les photos au plus vite.<\/p>\n<\/div><\/div><\/div>\n\n\n\n<div class=\"wp-block-kadence-pane kt-accordion-pane kt-accordion-pane-11 kt-pane_1e7c63-7d\"><div class=\"kt-accordion-header-wrap\"><button class=\"kt-blocks-accordion-header kt-acccordion-button-label-show\"><span class=\"kt-blocks-accordion-title-wrap\"><span class=\"kt-blocks-accordion-title\">O\u00f9 peut-on vous trouver sur les r\u00e9seaux sociaux ?<\/span><\/span><span class=\"kt-blocks-accordion-icon-trigger\"><\/span><\/button><\/div><div class=\"kt-accordion-panel kt-accordion-panel-hidden\"><div class=\"kt-accordion-panel-inner\">\n<p>Vous pouvez me retrouver sur les plateformes suivantes : <\/p>\n\n\n\n<p class=\"has-text-align-center\">Instagram<\/p>\n\n\n<style>.wp-block-kadence-icon.kt-svg-icons_f7177a-84{justify-content:center;}<\/style>\n<div class=\"wp-block-kadence-icon kt-svg-icons kt-svg-icons_f7177a-84 alignnone\"><style>.kt-svg-item-_33c1ce-68 .kb-svg-icon-wrap, .kt-svg-style-stacked.kt-svg-item-_33c1ce-68 .kb-svg-icon-wrap{color:#444444;font-size:50px;}<\/style>\n<div class=\"kt-svg-style-default kt-svg-icon-wrap kt-svg-item-_33c1ce-68\"><a href=\"https:\/\/www.instagram.com\/bychrisphotography\/\" class=\"kt-svg-icon-link\" target=\"_blank\" rel=\"noopener noreferrer\"><span class=\"kb-svg-icon-wrap kb-svg-icon-fa_instagram\"><svg viewBox=\"0 0 448 512\"  fill=\"currentColor\" xmlns=\"http:\/\/www.w3.org\/2000\/svg\"  aria-hidden=\"true\"><path d=\"M224.1 141c-63.6 0-114.9 51.3-114.9 114.9s51.3 114.9 114.9 114.9S339 319.5 339 255.9 287.7 141 224.1 141zm0 189.6c-41.1 0-74.7-33.5-74.7-74.7s33.5-74.7 74.7-74.7 74.7 33.5 74.7 74.7-33.6 74.7-74.7 74.7zm146.4-194.3c0 14.9-12 26.8-26.8 26.8-14.9 0-26.8-12-26.8-26.8s12-26.8 26.8-26.8 26.8 12 26.8 26.8zm76.1 27.2c-1.7-35.9-9.9-67.7-36.2-93.9-26.2-26.2-58-34.4-93.9-36.2-37-2.1-147.9-2.1-184.9 0-35.8 1.7-67.6 9.9-93.9 36.1s-34.4 58-36.2 93.9c-2.1 37-2.1 147.9 0 184.9 1.7 35.9 9.9 67.7 36.2 93.9s58 34.4 93.9 36.2c37 2.1 147.9 2.1 184.9 0 35.9-1.7 67.7-9.9 93.9-36.2 26.2-26.2 34.4-58 36.2-93.9 2.1-37 2.1-147.8 0-184.8zM398.8 388c-7.8 19.6-22.9 34.7-42.6 42.6-29.5 11.7-99.5 9-132.1 9s-102.7 2.6-132.1-9c-19.6-7.8-34.7-22.9-42.6-42.6-11.7-29.5-9-99.5-9-132.1s-2.6-102.7 9-132.1c7.8-19.6 22.9-34.7 42.6-42.6 29.5-11.7 99.5-9 132.1-9s102.7-2.6 132.1 9c19.6 7.8 34.7 22.9 42.6 42.6 11.7 29.5 9 99.5 9 132.1s2.7 102.7-9 132.1z\"\/><\/svg><\/span><\/a><\/div>\n<\/div>\n\n\n\n<p class=\"has-text-align-center\">Facebook<\/p>\n\n\n<style>.wp-block-kadence-icon.kt-svg-icons_d10e69-46{justify-content:center;}<\/style>\n<div class=\"wp-block-kadence-icon kt-svg-icons kt-svg-icons_d10e69-46 alignnone\"><style>.kt-svg-item-_336fec-3e .kb-svg-icon-wrap, .kt-svg-style-stacked.kt-svg-item-_336fec-3e .kb-svg-icon-wrap{color:#444444;font-size:50px;}<\/style>\n<div class=\"kt-svg-style-default kt-svg-icon-wrap kt-svg-item-_336fec-3e\"><a href=\"https:\/\/www.facebook.com\/bychrisphotography1\" class=\"kt-svg-icon-link\" target=\"_blank\" rel=\"noopener noreferrer\"><span class=\"kb-svg-icon-wrap kb-svg-icon-fe_facebook\"><svg viewBox=\"0 0 24 24\"  fill=\"none\" stroke=\"currentColor\" stroke-width=\"2\" stroke-linecap=\"round\" stroke-linejoin=\"round\" xmlns=\"http:\/\/www.w3.org\/2000\/svg\"  aria-hidden=\"true\"><path d=\"M18 2h-3a5 5 0 0 0-5 5v3H7v4h3v8h4v-8h3l1-4h-4V7a1 1 0 0 1 1-1h3z\"\/><\/svg><\/span><\/a><\/div>\n<\/div>\n<\/div><\/div><\/div>\n<\/div><\/div><\/div>\n\n\n\n<p class=\"has-text-align-center\" style=\"font-size:11px\">Foire aux questions mariages<\/p>\n","protected":false},"excerpt":{"rendered":"<p>Foire aux questions mariages Vous vous posez des questions concernant les prestations que je propose pour couvrir votre mariage ? Vous trouverez ci-dessous les r\u00e9ponses aux questions les plus fr\u00e9quemment pos\u00e9es. \u00c9videmment, si vous n&rsquo;avez pas toutes les r\u00e9ponses \u00e0 vos questions, contactez-moi via le formulaire de contact et je r\u00e9pondrai avec plaisir ! Foire &hellip; <\/p>\n<p class=\"link-more\"><a href=\"https:\/\/bychris-photography.com\/?page_id=563\" class=\"more-link\">Lire la suite de<span class=\"screen-reader-text\">\u00ab\u00a0Foire aux questions &#8211; Mariages\u00a0\u00bb<\/span><\/a><\/p>\n","protected":false},"author":1,"featured_media":0,"parent":0,"menu_order":0,"comment_status":"closed","ping_status":"closed","template":"","meta":{"ngg_post_thumbnail":0,"inspiro_hide_title":false,"footnotes":""},"class_list":["post-563","page","type-page","status-publish","hentry"],"yoast_head":"<!-- This site is optimized with the Yoast SEO plugin v27.5 - https:\/\/yoast.com\/product\/yoast-seo-wordpress\/ -->\n<title>Foire aux questions Mariages - By Chris Photography<\/title>\n<meta name=\"description\" content=\"Foire aux questions mariages - Vous trouverez ici toutes les r\u00e9ponses aux questions qui me sont le plus fr\u00e9quemment pos\u00e9es.\" \/>\n<meta name=\"robots\" content=\"index, follow, max-snippet:-1, max-image-preview:large, max-video-preview:-1\" \/>\n<link rel=\"canonical\" href=\"https:\/\/bychris-photography.com\/?page_id=563\" \/>\n<meta property=\"og:locale\" content=\"fr_FR\" \/>\n<meta property=\"og:type\" content=\"article\" \/>\n<meta property=\"og:title\" content=\"Foire aux questions Mariages - By Chris Photography\" \/>\n<meta property=\"og:description\" content=\"Foire aux questions mariages - Vous trouverez ici toutes les r\u00e9ponses aux questions qui me sont le plus fr\u00e9quemment pos\u00e9es.\" \/>\n<meta property=\"og:url\" content=\"https:\/\/bychris-photography.com\/?page_id=563\" \/>\n<meta property=\"og:site_name\" content=\"By Chris Photography Photographe de mariage &amp; portraits \u00e0 M\u00e2con\" \/>\n<meta property=\"article:publisher\" content=\"https:\/\/www.facebook.com\/bychrisphotography1\" \/>\n<meta property=\"article:modified_time\" content=\"2023-03-06T10:15:36+00:00\" \/>\n<meta property=\"og:image\" content=\"https:\/\/bychris-photography.com\/wp-content\/uploads\/2022\/02\/DSC02646-683x1024.jpg\" \/>\n<meta name=\"twitter:card\" content=\"summary_large_image\" \/>\n<meta name=\"twitter:label1\" content=\"Dur\u00e9e de lecture estim\u00e9e\" \/>\n\t<meta name=\"twitter:data1\" content=\"6 minutes\" \/>\n<script type=\"application\/ld+json\" class=\"yoast-schema-graph\">{\"@context\":\"https:\\\/\\\/schema.org\",\"@graph\":[{\"@type\":\"WebPage\",\"@id\":\"https:\\\/\\\/bychris-photography.com\\\/?page_id=563\",\"url\":\"https:\\\/\\\/bychris-photography.com\\\/?page_id=563\",\"name\":\"Foire aux questions Mariages - By Chris Photography\",\"isPartOf\":{\"@id\":\"http:\\\/\\\/bychris-photography.com\\\/#website\"},\"primaryImageOfPage\":{\"@id\":\"https:\\\/\\\/bychris-photography.com\\\/?page_id=563#primaryimage\"},\"image\":{\"@id\":\"https:\\\/\\\/bychris-photography.com\\\/?page_id=563#primaryimage\"},\"thumbnailUrl\":\"https:\\\/\\\/bychris-photography.com\\\/wp-content\\\/uploads\\\/2022\\\/02\\\/DSC02646-683x1024.jpg\",\"datePublished\":\"2022-06-01T09:27:13+00:00\",\"dateModified\":\"2023-03-06T10:15:36+00:00\",\"description\":\"Foire aux questions mariages - Vous trouverez ici toutes les r\u00e9ponses aux questions qui me sont le plus fr\u00e9quemment pos\u00e9es.\",\"breadcrumb\":{\"@id\":\"https:\\\/\\\/bychris-photography.com\\\/?page_id=563#breadcrumb\"},\"inLanguage\":\"fr-FR\",\"potentialAction\":[{\"@type\":\"ReadAction\",\"target\":[\"https:\\\/\\\/bychris-photography.com\\\/?page_id=563\"]}]},{\"@type\":\"ImageObject\",\"inLanguage\":\"fr-FR\",\"@id\":\"https:\\\/\\\/bychris-photography.com\\\/?page_id=563#primaryimage\",\"url\":\"https:\\\/\\\/bychris-photography.com\\\/wp-content\\\/uploads\\\/2022\\\/02\\\/DSC02646-683x1024.jpg\",\"contentUrl\":\"https:\\\/\\\/bychris-photography.com\\\/wp-content\\\/uploads\\\/2022\\\/02\\\/DSC02646-683x1024.jpg\"},{\"@type\":\"BreadcrumbList\",\"@id\":\"https:\\\/\\\/bychris-photography.com\\\/?page_id=563#breadcrumb\",\"itemListElement\":[{\"@type\":\"ListItem\",\"position\":1,\"name\":\"Accueil\",\"item\":\"http:\\\/\\\/bychris-photography.com\\\/\"},{\"@type\":\"ListItem\",\"position\":2,\"name\":\"Foire aux questions &#8211; Mariages\"}]},{\"@type\":\"WebSite\",\"@id\":\"http:\\\/\\\/bychris-photography.com\\\/#website\",\"url\":\"http:\\\/\\\/bychris-photography.com\\\/\",\"name\":\"By Chris Photography Photographe de mariage &amp; portraits \u00e0 M\u00e2con\",\"description\":\"Faire de chaque instant une oeuvre d&#039;art\",\"publisher\":{\"@id\":\"http:\\\/\\\/bychris-photography.com\\\/#organization\"},\"potentialAction\":[{\"@type\":\"SearchAction\",\"target\":{\"@type\":\"EntryPoint\",\"urlTemplate\":\"http:\\\/\\\/bychris-photography.com\\\/?s={search_term_string}\"},\"query-input\":{\"@type\":\"PropertyValueSpecification\",\"valueRequired\":true,\"valueName\":\"search_term_string\"}}],\"inLanguage\":\"fr-FR\"},{\"@type\":\"Organization\",\"@id\":\"http:\\\/\\\/bychris-photography.com\\\/#organization\",\"name\":\"By Chris Photography - Photographe M\u00e2con & Lyon\",\"url\":\"http:\\\/\\\/bychris-photography.com\\\/\",\"logo\":{\"@type\":\"ImageObject\",\"inLanguage\":\"fr-FR\",\"@id\":\"http:\\\/\\\/bychris-photography.com\\\/#\\\/schema\\\/logo\\\/image\\\/\",\"url\":\"https:\\\/\\\/bychris-photography.com\\\/wp-content\\\/uploads\\\/2021\\\/05\\\/logochris.png\",\"contentUrl\":\"https:\\\/\\\/bychris-photography.com\\\/wp-content\\\/uploads\\\/2021\\\/05\\\/logochris.png\",\"width\":2480,\"height\":3508,\"caption\":\"By Chris Photography - Photographe M\u00e2con & Lyon\"},\"image\":{\"@id\":\"http:\\\/\\\/bychris-photography.com\\\/#\\\/schema\\\/logo\\\/image\\\/\"},\"sameAs\":[\"https:\\\/\\\/www.facebook.com\\\/bychrisphotography1\",\"https:\\\/\\\/www.instagram.com\\\/bychrisphotography\\\/?igshid=18c29j457gan7\"]}]}<\/script>\n<!-- \/ Yoast SEO plugin. -->","yoast_head_json":{"title":"Foire aux questions Mariages - By Chris Photography","description":"Foire aux questions mariages - Vous trouverez ici toutes les r\u00e9ponses aux questions qui me sont le plus fr\u00e9quemment pos\u00e9es.","robots":{"index":"index","follow":"follow","max-snippet":"max-snippet:-1","max-image-preview":"max-image-preview:large","max-video-preview":"max-video-preview:-1"},"canonical":"https:\/\/bychris-photography.com\/?page_id=563","og_locale":"fr_FR","og_type":"article","og_title":"Foire aux questions Mariages - By Chris Photography","og_description":"Foire aux questions mariages - Vous trouverez ici toutes les r\u00e9ponses aux questions qui me sont le plus fr\u00e9quemment pos\u00e9es.","og_url":"https:\/\/bychris-photography.com\/?page_id=563","og_site_name":"By Chris Photography Photographe de mariage &amp; portraits \u00e0 M\u00e2con","article_publisher":"https:\/\/www.facebook.com\/bychrisphotography1","article_modified_time":"2023-03-06T10:15:36+00:00","og_image":[{"url":"https:\/\/bychris-photography.com\/wp-content\/uploads\/2022\/02\/DSC02646-683x1024.jpg","type":"","width":"","height":""}],"twitter_card":"summary_large_image","twitter_misc":{"Dur\u00e9e de lecture estim\u00e9e":"6 minutes"},"schema":{"@context":"https:\/\/schema.org","@graph":[{"@type":"WebPage","@id":"https:\/\/bychris-photography.com\/?page_id=563","url":"https:\/\/bychris-photography.com\/?page_id=563","name":"Foire aux questions Mariages - By Chris Photography","isPartOf":{"@id":"http:\/\/bychris-photography.com\/#website"},"primaryImageOfPage":{"@id":"https:\/\/bychris-photography.com\/?page_id=563#primaryimage"},"image":{"@id":"https:\/\/bychris-photography.com\/?page_id=563#primaryimage"},"thumbnailUrl":"https:\/\/bychris-photography.com\/wp-content\/uploads\/2022\/02\/DSC02646-683x1024.jpg","datePublished":"2022-06-01T09:27:13+00:00","dateModified":"2023-03-06T10:15:36+00:00","description":"Foire aux questions mariages - Vous trouverez ici toutes les r\u00e9ponses aux questions qui me sont le plus fr\u00e9quemment pos\u00e9es.","breadcrumb":{"@id":"https:\/\/bychris-photography.com\/?page_id=563#breadcrumb"},"inLanguage":"fr-FR","potentialAction":[{"@type":"ReadAction","target":["https:\/\/bychris-photography.com\/?page_id=563"]}]},{"@type":"ImageObject","inLanguage":"fr-FR","@id":"https:\/\/bychris-photography.com\/?page_id=563#primaryimage","url":"https:\/\/bychris-photography.com\/wp-content\/uploads\/2022\/02\/DSC02646-683x1024.jpg","contentUrl":"https:\/\/bychris-photography.com\/wp-content\/uploads\/2022\/02\/DSC02646-683x1024.jpg"},{"@type":"BreadcrumbList","@id":"https:\/\/bychris-photography.com\/?page_id=563#breadcrumb","itemListElement":[{"@type":"ListItem","position":1,"name":"Accueil","item":"http:\/\/bychris-photography.com\/"},{"@type":"ListItem","position":2,"name":"Foire aux questions &#8211; Mariages"}]},{"@type":"WebSite","@id":"http:\/\/bychris-photography.com\/#website","url":"http:\/\/bychris-photography.com\/","name":"By Chris Photography Photographe de mariage &amp; portraits \u00e0 M\u00e2con","description":"Faire de chaque instant une oeuvre d&#039;art","publisher":{"@id":"http:\/\/bychris-photography.com\/#organization"},"potentialAction":[{"@type":"SearchAction","target":{"@type":"EntryPoint","urlTemplate":"http:\/\/bychris-photography.com\/?s={search_term_string}"},"query-input":{"@type":"PropertyValueSpecification","valueRequired":true,"valueName":"search_term_string"}}],"inLanguage":"fr-FR"},{"@type":"Organization","@id":"http:\/\/bychris-photography.com\/#organization","name":"By Chris Photography - Photographe M\u00e2con & Lyon","url":"http:\/\/bychris-photography.com\/","logo":{"@type":"ImageObject","inLanguage":"fr-FR","@id":"http:\/\/bychris-photography.com\/#\/schema\/logo\/image\/","url":"https:\/\/bychris-photography.com\/wp-content\/uploads\/2021\/05\/logochris.png","contentUrl":"https:\/\/bychris-photography.com\/wp-content\/uploads\/2021\/05\/logochris.png","width":2480,"height":3508,"caption":"By Chris Photography - Photographe M\u00e2con & Lyon"},"image":{"@id":"http:\/\/bychris-photography.com\/#\/schema\/logo\/image\/"},"sameAs":["https:\/\/www.facebook.com\/bychrisphotography1","https:\/\/www.instagram.com\/bychrisphotography\/?igshid=18c29j457gan7"]}]}},"featured_media_urls":[],"_links":{"self":[{"href":"https:\/\/bychris-photography.com\/index.php?rest_route=\/wp\/v2\/pages\/563","targetHints":{"allow":["GET"]}}],"collection":[{"href":"https:\/\/bychris-photography.com\/index.php?rest_route=\/wp\/v2\/pages"}],"about":[{"href":"https:\/\/bychris-photography.com\/index.php?rest_route=\/wp\/v2\/types\/page"}],"author":[{"embeddable":true,"href":"https:\/\/bychris-photography.com\/index.php?rest_route=\/wp\/v2\/users\/1"}],"replies":[{"embeddable":true,"href":"https:\/\/bychris-photography.com\/index.php?rest_route=%2Fwp%2Fv2%2Fcomments&post=563"}],"version-history":[{"count":15,"href":"https:\/\/bychris-photography.com\/index.php?rest_route=\/wp\/v2\/pages\/563\/revisions"}],"predecessor-version":[{"id":896,"href":"https:\/\/bychris-photography.com\/index.php?rest_route=\/wp\/v2\/pages\/563\/revisions\/896"}],"wp:attachment":[{"href":"https:\/\/bychris-photography.com\/index.php?rest_route=%2Fwp%2Fv2%2Fmedia&parent=563"}],"curies":[{"name":"wp","href":"https:\/\/api.w.org\/{rel}","templated":true}]}}